{"version":"1.0","provider_name":"Belladot","provider_url":"https:\/\/belladot.com\/sv\/","author_name":"Christoffer Utbult","author_url":"https:\/\/belladot.com\/sv\/author\/christoffer-utbult\/","title":"Inbjudan: Utbildning och nyheter i v\u00e5r monter - kommer du? - Belladot","type":"rich","width":600,"height":338,"html":"<blockquote class=\"wp-embedded-content\" data-secret=\"ZgujOrsfya\"><a href=\"https:\/\/belladot.com\/sv\/2016\/09\/01\/inbjudan-utbildning-och-nyheter-var-monter-kommer-du\/\">Inbjudan: Utbildning och nyheter i v\u00e5r monter &#8211; kommer du?<\/a><\/blockquote><iframe sandbox=\"allow-scripts\" security=\"restricted\" src=\"https:\/\/belladot.com\/sv\/2016\/09\/01\/inbjudan-utbildning-och-nyheter-var-monter-kommer-du\/embed\/#?secret=ZgujOrsfya\" width=\"600\" height=\"338\" title=\"\u201dInbjudan: Utbildning och nyheter i v\u00e5r monter &#8211; kommer du?\u201d &ndash; Belladot\" data-secret=\"ZgujOrsfya\" frameborder=\"0\" marginwidth=\"0\" marginheight=\"0\" scrolling=\"no\" class=\"wp-embedded-content\"><\/iframe><script type=\"text\/javascript\">\n\/* <![CDATA[ *\/\n\/*! This file is auto-generated *\/\n!function(d,l){\"use strict\";l.querySelector&&d.addEventListener&&\"undefined\"!=typeof URL&&(d.wp=d.wp||{},d.wp.receiveEmbedMessage||(d.wp.receiveEmbedMessage=function(e){var t=e.data;if((t||t.secret||t.message||t.value)&&!\/[^a-zA-Z0-9]\/.test(t.secret)){for(var s,r,n,a=l.querySelectorAll('iframe[data-secret=\"'+t.secret+'\"]'),o=l.querySelectorAll('blockquote[data-secret=\"'+t.secret+'\"]'),c=new RegExp(\"^https?:$\",\"i\"),i=0;i<o.length;i++)o[i].style.display=\"none\";for(i=0;i<a.length;i++)s=a[i],e.source===s.contentWindow&&(s.removeAttribute(\"style\"),\"height\"===t.message?(1e3<(r=parseInt(t.value,10))?r=1e3:~~r<200&&(r=200),s.height=r):\"link\"===t.message&&(r=new URL(s.getAttribute(\"src\")),n=new URL(t.value),c.test(n.protocol))&&n.host===r.host&&l.activeElement===s&&(d.top.location.href=t.value))}},d.addEventListener(\"message\",d.wp.receiveEmbedMessage,!1),l.addEventListener(\"DOMContentLoaded\",function(){for(var e,t,s=l.querySelectorAll(\"iframe.wp-embedded-content\"),r=0;r<s.length;r++)(t=(e=s[r]).getAttribute(\"data-secret\"))||(t=Math.random().toString(36).substring(2,12),e.src+=\"#?secret=\"+t,e.setAttribute(\"data-secret\",t)),e.contentWindow.postMessage({message:\"ready\",secret:t},\"*\")},!1)))}(window,document);\n\/\/# sourceURL=https:\/\/belladot.com\/wp-includes\/js\/wp-embed.min.js\n\/* ]]> *\/\n<\/script>\n","description":"Bes\u00f6k oss p\u00e5 m\u00e4ssan\u00a0Apotek och Egenv\u00e5rd i Kista! &nbsp; Utbildning och nyheter i v\u00e5r monter! I v\u00e5r monter h\u00e5ller vi v\u00e5ra popul\u00e4ra utbildningar inom intim- och sexual h\u00e4lsa. F\u00e5 med dig konkreta tips och argument om hur m\u00f6ter din kund p\u00e5 ett naturligt s\u00e4tt. Vi presenterar ocks\u00e5 nyheter du inte vill missa! Plats: Kistam\u00e4ssan,\u00a0V\u00e5r monter J:05 ligger precis till v\u00e4nster om ing\u00e5ngen. N\u00e4r: 8-9 september &nbsp; Apotek och Egenv\u00e5rd \u00e4r m\u00f6tesplatsen\u00a0f\u00f6r dig som arbetar\u00a0inom apotek, l\u00e4kemedel och egenv\u00e5rd &nbsp; &nbsp; &nbsp;","thumbnail_url":"http:\/\/belladot.com.loopiadns.com\/wp-content\/uploads\/2016\/09\/Sommar-par-300x200.jpg"}